{"id":39,"date":"2021-11-21T22:40:08","date_gmt":"2021-11-21T21:40:08","guid":{"rendered":"https:\/\/empleadospublicosenabuso.org\/?page_id=39"},"modified":"2025-02-28T10:24:47","modified_gmt":"2025-02-28T09:24:47","slug":"quienes-somos","status":"publish","type":"page","link":"https:\/\/empleadospublicosenabuso.org\/index.php\/quienes-somos\/","title":{"rendered":"Qui\u00e9nes Somos"},"content":{"rendered":"<section class=\"l-section wpb_row height_medium with_img parallax_ver parallax_xpos_left\"><div class=\"l-section-img\" data-img-width=\"1536\" data-img-height=\"2048\" style=\"background-image: url(https:\/\/empleadospublicosenabuso.org\/wp-content\/uploads\/2024\/05\/WhatsApp-Image-2023-01-24-at-22.35.49.jpeg);background-position: center left;background-repeat: no-repeat;\"><\/div><div class=\"l-section-overlay\" style=\"background:rgba(51,51,51,0.75)\"><\/div><div class=\"l-section-h i-cf\"><div class=\"g-cols vc_row via_grid cols_1 laptops-cols_inherit tablets-cols_inherit mobiles-cols_1 valign_top type_default stacking_default\"><div class=\"wpb_column vc_column_container\"><div class=\"vc_column-inner\"><h1 class=\"w-post-elm post_title us_custom_6df4bc3a has_text_color entry-title color_link_inherit\">Qui\u00e9nes Somos<\/h1><\/div><\/div><\/div><\/div><\/section><section class=\"l-section wpb_row hide_on_mobiles height_medium\" id=\"juntadirectiva\"><div class=\"l-section-h i-cf\"><div class=\"g-cols vc_row via_grid cols_1 laptops-cols_inherit tablets-cols_inherit mobiles-cols_1 valign_top type_default stacking_default\"><div class=\"wpb_column vc_column_container\"><div class=\"vc_column-inner\"><div class=\"wpb_text_column\"><div class=\"wpb_wrapper\"><h4>Junta Directiva<\/h4>\n<\/div><\/div><div class=\"w-separator size_medium\"><\/div><div class=\"g-cols wpb_row via_grid cols_2 laptops-cols_inherit tablets-cols_inherit mobiles-cols_1 valign_top type_default stacking_default\"><div class=\"wpb_column vc_column_container\"><div class=\"vc_column-inner\"><div class=\"w-person layout_cards with_desc with_socials\" itemscope itemtype=\"https:\/\/schema.org\/Person\"><div class=\"w-person-image\"><img width=\"300\" height=\"300\" src=\"https:\/\/empleadospublicosenabuso.org\/wp-content\/uploads\/2023\/07\/WhatsApp-Image-2023-03-06-at-16.09.14-300x300.jpeg\" class=\"attachment-woocommerce_thumbnail size-woocommerce_thumbnail\" alt=\"\" decoding=\"async\" loading=\"lazy\" srcset=\"https:\/\/empleadospublicosenabuso.org\/wp-content\/uploads\/2023\/07\/WhatsApp-Image-2023-03-06-at-16.09.14-300x300.jpeg 300w, https:\/\/empleadospublicosenabuso.org\/wp-content\/uploads\/2023\/07\/WhatsApp-Image-2023-03-06-at-16.09.14-150x150.jpeg 150w\" sizes=\"(max-width: 300px) 100vw, 300px\" \/><\/div><div class=\"w-person-content\"><h5 itemprop=\"name\" class=\"w-person-name\"><span>M\u00aa Concepci\u00f3n Rodr\u00edguez<\/span><\/h5><div class=\"w-person-role\" itemprop=\"jobTitle\">Galicia &#8211; Presidenta.<\/div><div class=\"w-person-links\"><div class=\"w-person-links-list\"><a class=\"w-person-links-item type_twitter\" title=\"Twitter\" href=\"https:\/\/twitter.com\/Conchi_EPA\" target=\"_blank\" rel=\"noopener nofollow\"><i class=\"fab fa-twitter\"><\/i><\/a><\/div><\/div><div class=\"w-person-description\" itemprop=\"description\"><p>Trabajadora funcionaria interina desde el a\u00f1o 2004 en Ense\u00f1anzas Especiales de M\u00fasica y Artes Esc\u00e9nicas. Diplomada en Educaci\u00f3n Musical y Titulada Superior de M\u00fasica y Artes Esc\u00e9nicas, en la especialidad de Canto.<br \/>\nHa creado la Asociaci\u00f3n de Profesores de M\u00fasica y Artes Esc\u00e9nicas de Galicia \u201cAPMAEGAL\u201d de la que es Secretaria. Fund\u00f3 el sindicato independiente de educaci\u00f3n USDG, del que fue Secretaria General.<br \/>\nActualmente es profesora de canto en el CMUS Manuel Quiroga, de Pontevedra, siendo Jefa de Dpto. durante 16 a\u00f1os.<br \/>\nConsigue su plaza Fija en 2023 en concurso de m\u00e9ritos, pero sigue luchando por la Fijeza en sus puestos de trabajo de los EPAS.<br \/>\nMantiene la firme convicci\u00f3n de que los derechos laborales y sociales, hay que pelearlos, negociarlos y defenderlos desde las propias instituciones Europeas.<br \/>\nEl modelo sindical espa\u00f1ol se ha confirmado decadente y politizado y contrario a los derechos de los trabajadores.<br \/>\n\u201cLa defensa de los derechos de los trabajadores est\u00e1 en Bruselas\u201d.<\/p>\n<\/div><\/div><\/div><\/div><\/div><div class=\"wpb_column vc_column_container\"><div class=\"vc_column-inner\"><div class=\"w-person layout_cards with_desc\" itemscope itemtype=\"https:\/\/schema.org\/Person\"><div class=\"w-person-image\"><img width=\"156\" height=\"159\" src=\"https:\/\/empleadospublicosenabuso.org\/wp-content\/uploads\/2024\/04\/marta_palomo_diaz_1-4.png\" class=\"attachment-large size-large\" alt=\"\" decoding=\"async\" loading=\"lazy\" \/><\/div><div class=\"w-person-content\"><h5 itemprop=\"name\" class=\"w-person-name\"><span>Marta Palomo D\u00edaz<\/span><\/h5><div class=\"w-person-role\" itemprop=\"jobTitle\">Castilla La Mancha &#8211; Vocal.<\/div><div class=\"w-person-description\" itemprop=\"description\"><p>Militar profesional durante m\u00e1s de 19 a\u00f1os, periodo en el que he desarrollado diversas funciones como Operadora de equipos de Telecomunicaciones en el Grupo de Transmisiones del Ej\u00e9rcito del Aire. A su vez, he tenido la oportunidad de formarme como T\u00e9cnica Superior en Asistencia a la Direcci\u00f3n y T\u00e9cnica especialista en Administraci\u00f3n y Comercio, lo que me aporta gran capacidad de flexibilidad y adaptaci\u00f3n que todo profesional necesita en el<br \/>\nmercado laboral actual. Por ello, estoy capacitada para trabajar en cualquier puesto relacionado con administraci\u00f3n o comercial.<\/p>\n<\/div><\/div><\/div><\/div><\/div><\/div><div class=\"w-separator size_medium\"><\/div><div class=\"g-cols wpb_row via_grid cols_2 laptops-cols_inherit tablets-cols_inherit mobiles-cols_1 valign_top type_default stacking_default\"><div class=\"wpb_column vc_column_container\"><div class=\"vc_column-inner\"><div class=\"w-person layout_cards with_desc with_socials\" itemscope itemtype=\"https:\/\/schema.org\/Person\"><div class=\"w-person-image\"><img width=\"238\" height=\"300\" src=\"https:\/\/empleadospublicosenabuso.org\/wp-content\/uploads\/2024\/05\/Alberto-Argudo-Diaz-Vocal-1-238x300.jpeg\" class=\"attachment-medium size-medium\" alt=\"\" decoding=\"async\" loading=\"lazy\" srcset=\"https:\/\/empleadospublicosenabuso.org\/wp-content\/uploads\/2024\/05\/Alberto-Argudo-Diaz-Vocal-1-238x300.jpeg 238w, https:\/\/empleadospublicosenabuso.org\/wp-content\/uploads\/2024\/05\/Alberto-Argudo-Diaz-Vocal-1-812x1024.jpeg 812w, https:\/\/empleadospublicosenabuso.org\/wp-content\/uploads\/2024\/05\/Alberto-Argudo-Diaz-Vocal-1-scaled.jpeg 2030w\" sizes=\"(max-width: 238px) 100vw, 238px\" \/><\/div><div class=\"w-person-content\"><h5 itemprop=\"name\" class=\"w-person-name\"><span>Alberto Argudo D\u00edaz<\/span><\/h5><div class=\"w-person-role\" itemprop=\"jobTitle\">Madrid &#8211; Vocal.<\/div><div class=\"w-person-links\"><div class=\"w-person-links-list\"><a class=\"w-person-links-item type_twitter\" title=\"Twitter\" href=\"http:\/\/@aargudo66\" target=\"_blank\" rel=\"noopener nofollow\"><i class=\"fab fa-twitter\"><\/i><\/a><\/div><\/div><div class=\"w-person-description\" itemprop=\"description\"><p>Trabajador p\u00fablico con contratos y nombramientos desde 2002 en la Administraci\u00f3n de la Comunidad de Madrid en distintas Consejer\u00edas. Funcionario interino en vacante desde 2015 en la Secretar\u00eda de un centro docente.<br \/>\nLicenciado en Ciencias Actuariales y Financieras y Diplomado en Ciencias Empresariales, soy un firme defensor de los derechos de los trabajadores p\u00fablicos.<br \/>\nMi inquietud ante las injusticias que percibo en mi pa\u00eds y viendo que la deriva judicial y pol\u00edtica en Espa\u00f1a es una v\u00eda muerta, en la que los trabajadores p\u00fablicos en abuso de contrataci\u00f3n nos sentimos desamparados e indefensos ante las instituciones que nos representan, me ha llevado a emprender una lucha activa ante las propias instituciones europeas.<br \/>\nComparto la convicci\u00f3n de que el epicentro de la lucha de los derechos de los trabajadores p\u00fablicos europeos se encuentra en Bruselas, y por eso doy un paso adelante con EPA como herramienta, instrumento y organizaci\u00f3n que aglutina todas las necesidades que el colectivo necesita.<\/p>\n<\/div><\/div><\/div><\/div><\/div><div class=\"wpb_column vc_column_container\"><div class=\"vc_column-inner\"><div class=\"w-person layout_cards with_desc with_socials\" itemscope itemtype=\"https:\/\/schema.org\/Person\"><div class=\"w-person-image\"><img width=\"526\" height=\"665\" src=\"https:\/\/empleadospublicosenabuso.org\/wp-content\/uploads\/2024\/05\/Christian-Diaz-Lombera-Tesorero-y-Resp.-de-Redes.png\" class=\"attachment-large size-large\" alt=\"\" decoding=\"async\" loading=\"lazy\" srcset=\"https:\/\/empleadospublicosenabuso.org\/wp-content\/uploads\/2024\/05\/Christian-Diaz-Lombera-Tesorero-y-Resp.-de-Redes.png 526w, https:\/\/empleadospublicosenabuso.org\/wp-content\/uploads\/2024\/05\/Christian-Diaz-Lombera-Tesorero-y-Resp.-de-Redes-237x300.png 237w\" sizes=\"(max-width: 526px) 100vw, 526px\" \/><\/div><div class=\"w-person-content\"><h5 itemprop=\"name\" class=\"w-person-name\"><span>Christian D\u00edaz Lombera<\/span><\/h5><div class=\"w-person-role\" itemprop=\"jobTitle\">Cantabria &#8211; Tesorero y Resp. de Redes.<\/div><div class=\"w-person-links\"><div class=\"w-person-links-list\"><a class=\"w-person-links-item type_twitter\" title=\"Twitter\" href=\"http:\/\/@XristianDiaz25\" target=\"_blank\" rel=\"noopener nofollow\"><i class=\"fab fa-twitter\"><\/i><\/a><\/div><\/div><div class=\"w-person-description\" itemprop=\"description\"><p>Personal laboral temporal contratado de forma ininterrumpida en la Universidad del Pa\u00eds Vasco (UPV-EHU) desde el a\u00f1o 2010. Anteriormente realiz\u00f3 pr\u00e1cticas en Laboratorios del Hospital de Cruces (Osakidetza) y tambi\u00e9n trabaj\u00f3 como T\u00e9cnico Superior de Laboratorio en una compa\u00f1\u00eda de medicina regenerativa biofarmac\u00e9utica. Presenta su primera demanda judicial solicitando fijeza (o subsidiariamente la condici\u00f3n de Indefinido No Fijo) en el a\u00f1o 2019 pidiendo, adem\u00e1s, reconocimiento de fraude por abuso de temporalidad. La demanda fue recurrida hasta el Tribunal Supremo obteniendo respuesta firme en el a\u00f1o 2021 con sentencia de unificaci\u00f3n de doctrina en la que se rechaza la fijeza (concediendo \u201cIndefinido No Fijo) adem\u00e1s del reconocimiento del fraude por abuso de temporalidad sufridos. No conforme con la figura del \u201cIndefinido No Fijo\u201d, considerando que \u00e9sta figura no cumple el derecho comunitario, sino que perpet\u00faa la situaci\u00f3n de fraude por abuso de temporalidad, comienza huelga indefinida en octubre de 2021 y se adhiere a las acciones europeas de la Asociaci\u00f3n EPA reclamando estabilidad laboral. En 2021 denuncia, adem\u00e1s, incorrecta clasificaci\u00f3n profesional, la ley 20\/21 y la carencia de derechos laborales en comparaci\u00f3n con el personal fijo. En 2023: Sentencia estimatoria del TSJ del Pa\u00eds Vasco reconociendo vulneraci\u00f3n del derecho a huelga y el derecho a continuar ejerci\u00e9ndola.<\/p>\n<\/div><\/div><\/div><\/div><\/div><\/div><\/div><\/div><\/div><\/div><\/section><section class=\"l-section wpb_row hide_on_default hide_on_laptops hide_on_tablets height_medium\" id=\"juntadirectiva\"><div class=\"l-section-h i-cf\"><div class=\"g-cols vc_row via_grid cols_1 laptops-cols_inherit tablets-cols_inherit mobiles-cols_1 valign_top type_default stacking_default\"><div class=\"wpb_column vc_column_container\"><div class=\"vc_column-inner\"><div class=\"wpb_text_column\"><div class=\"wpb_wrapper\"><h4>Junta Directiva<\/h4>\n<\/div><\/div><div class=\"w-separator size_medium\"><\/div><div class=\"w-grid type_grid layout_blog_1 cols_4 ratio_2x3\" id=\"us_grid_1\" style=\"--gap:1.5rem;\" data-filterable=\"true\"><style>@media (max-width:1024px){#us_grid_1 .w-grid-item{width:33.3333%}#us_grid_1 .w-grid-item.size_2x1,#us_grid_1 .w-grid-item.size_2x2{width:66.6667%}}@media (max-width:600px){#us_grid_1 .w-grid-item{width:50%}#us_grid_1 .w-grid-item.size_2x1,#us_grid_1 .w-grid-item.size_2x2{width:100%}}#us_grid_1 .w-grid-item-h:before{padding-bottom:150%}.layout_blog_1 .w-grid-item-h:before{padding-bottom:100%}@media (min-width:601px){.layout_blog_1 .w-grid-item.size_1x2 .w-grid-item-h:before{padding-bottom:calc(200% + var(--gap,0px) * 2)}.layout_blog_1 .w-grid-item.size_2x1 .w-grid-item-h:before{padding-bottom:calc(50% - var(--gap,0px) * 1)}.layout_blog_1 .w-grid-item.size_2x2 .w-grid-item-h:before{padding-bottom:calc(100% - var(--gap,0px) * 0)}}.layout_blog_1 .w-grid-item-h{}.layout_blog_1 .usg_post_image_1{margin-bottom:0.5rem!important}.layout_blog_1 .usg_post_title_1{font-size:1rem!important}<\/style><div class=\"w-grid-list\">\t<article class=\"w-grid-item post-286 attachment type-attachment status-inherit hentry\" data-id=\"286\">\r\n\t\t<div class=\"w-grid-item-h\">\r\n\t\t\t\t\t\t<div class=\"w-post-elm post_image usg_post_image_1 stretched\"><a href=\"https:\/\/empleadospublicosenabuso.org\/index.php\/quienes-somos\/ma-concepcion-rodriguez-presidenta\/\" aria-label=\"M\u00aa Concepci\u00f3n Rodr\u00edguez (Presidenta)\"><img width=\"150\" height=\"150\" src=\"https:\/\/empleadospublicosenabuso.org\/wp-content\/uploads\/2022\/03\/Ma-Concepcion-Rodriguez-Presidenta-150x150.jpeg\" class=\"attachment-thumbnail size-thumbnail\" alt=\"\" decoding=\"async\" loading=\"lazy\" srcset=\"https:\/\/empleadospublicosenabuso.org\/wp-content\/uploads\/2022\/03\/Ma-Concepcion-Rodriguez-Presidenta-150x150.jpeg 150w, https:\/\/empleadospublicosenabuso.org\/wp-content\/uploads\/2022\/03\/Ma-Concepcion-Rodriguez-Presidenta-300x300.jpeg 300w\" sizes=\"(max-width: 150px) 100vw, 150px\" \/><\/a><\/div><h2 class=\"w-post-elm post_title usg_post_title_1 entry-title color_link_inherit\"><a href=\"https:\/\/empleadospublicosenabuso.org\/index.php\/quienes-somos\/ma-concepcion-rodriguez-presidenta\/\">M\u00aa Concepci\u00f3n Rodr\u00edguez (Presidenta)<\/a><\/h2>\t\t<\/div>\r\n\t<\/article>\r\n\t<article class=\"w-grid-item post-929 attachment type-attachment status-inherit hentry\" data-id=\"929\">\r\n\t\t<div class=\"w-grid-item-h\">\r\n\t\t\t\t\t\t<div class=\"w-post-elm post_image usg_post_image_1 stretched\"><a href=\"https:\/\/empleadospublicosenabuso.org\/marta-palomo-diaz-vocal\/\" aria-label=\"Marta Palomo D\u00edaz (Vocal)\"><img width=\"150\" height=\"148\" src=\"https:\/\/empleadospublicosenabuso.org\/wp-content\/uploads\/2024\/05\/Marta-Palomo-Diaz-Vocal-150x148.png\" class=\"attachment-thumbnail size-thumbnail\" alt=\"\" decoding=\"async\" loading=\"lazy\" \/><\/a><\/div><h2 class=\"w-post-elm post_title usg_post_title_1 entry-title color_link_inherit\"><a href=\"https:\/\/empleadospublicosenabuso.org\/marta-palomo-diaz-vocal\/\">Marta Palomo D\u00edaz (Vocal)<\/a><\/h2>\t\t<\/div>\r\n\t<\/article>\r\n\t<article class=\"w-grid-item post-954 attachment type-attachment status-inherit hentry\" data-id=\"954\">\r\n\t\t<div class=\"w-grid-item-h\">\r\n\t\t\t\t\t\t<div class=\"w-post-elm post_image usg_post_image_1 stretched\"><a href=\"https:\/\/empleadospublicosenabuso.org\/alberto-argudo-diaz-vocal-2\/\" aria-label=\"Alberto Argudo D\u00edaz (Vocal)\"><img width=\"150\" height=\"150\" src=\"https:\/\/empleadospublicosenabuso.org\/wp-content\/uploads\/2024\/05\/Alberto-Argudo-Diaz-Vocal-1-150x150.jpeg\" class=\"attachment-thumbnail size-thumbnail\" alt=\"\" decoding=\"async\" loading=\"lazy\" \/><\/a><\/div><h2 class=\"w-post-elm post_title usg_post_title_1 entry-title color_link_inherit\"><a href=\"https:\/\/empleadospublicosenabuso.org\/alberto-argudo-diaz-vocal-2\/\">Alberto Argudo D\u00edaz (Vocal)<\/a><\/h2>\t\t<\/div>\r\n\t<\/article>\r\n\t<article class=\"w-grid-item post-936 attachment type-attachment status-inherit hentry\" data-id=\"936\">\r\n\t\t<div class=\"w-grid-item-h\">\r\n\t\t\t\t\t\t<div class=\"w-post-elm post_image usg_post_image_1 stretched\"><a href=\"https:\/\/empleadospublicosenabuso.org\/christian-diaz-lombera-tesorero-y-resp-de-redes\/\" aria-label=\"Christian D\u00edaz Lombera (Tesorero y Resp. de Redes)\"><img width=\"150\" height=\"150\" src=\"https:\/\/empleadospublicosenabuso.org\/wp-content\/uploads\/2024\/05\/Christian-Diaz-Lombera-Tesorero-y-Resp.-de-Redes-150x150.png\" class=\"attachment-thumbnail size-thumbnail\" alt=\"\" decoding=\"async\" loading=\"lazy\" \/><\/a><\/div><h2 class=\"w-post-elm post_title usg_post_title_1 entry-title color_link_inherit\"><a href=\"https:\/\/empleadospublicosenabuso.org\/christian-diaz-lombera-tesorero-y-resp-de-redes\/\">Christian D\u00edaz Lombera (Tesorero y Resp. de Redes)<\/a><\/h2>\t\t<\/div>\r\n\t<\/article>\r\n<\/div><div class=\"w-grid-preloader\"><div class=\"g-preloader type_1\">\r\n\t<div><\/div>\r\n<\/div>\r\n<\/div>\t<div class=\"w-grid-json hidden\" onclick='return {&quot;action&quot;:&quot;us_ajax_grid&quot;,&quot;ajax_url&quot;:&quot;https:\\\/\\\/empleadospublicosenabuso.org\\\/wp-admin\\\/admin-ajax.php&quot;,&quot;infinite_scroll&quot;:0,&quot;max_num_pages&quot;:1,&quot;pagination&quot;:&quot;none&quot;,&quot;permalink_url&quot;:&quot;https:\\\/\\\/empleadospublicosenabuso.org\\\/wp-json\\\/wp\\\/v2\\\/pages\\\/39&quot;,&quot;template_vars&quot;:{&quot;columns&quot;:&quot;4&quot;,&quot;exclude_items&quot;:&quot;none&quot;,&quot;img_size&quot;:&quot;thumbnail&quot;,&quot;ignore_items_size&quot;:0,&quot;items_layout&quot;:&quot;blog_1&quot;,&quot;items_offset&quot;:&quot;1&quot;,&quot;load_animation&quot;:&quot;none&quot;,&quot;overriding_link&quot;:&quot;none&quot;,&quot;post_id&quot;:0,&quot;query_args&quot;:{&quot;post_type&quot;:[&quot;attachment&quot;],&quot;post__in&quot;:[&quot;286&quot;,&quot;929&quot;,&quot;954&quot;,&quot;936&quot;],&quot;post_status&quot;:&quot;inherit&quot;,&quot;post_mime_type&quot;:&quot;image&quot;,&quot;posts_per_page&quot;:&quot;10&quot;},&quot;orderby_query_args&quot;:{&quot;orderby&quot;:{&quot;post__in&quot;:&quot;ASC&quot;},&quot;order&quot;:&quot;ASC&quot;},&quot;type&quot;:&quot;grid&quot;,&quot;us_grid_ajax_index&quot;:1,&quot;us_grid_filter_params&quot;:null,&quot;us_grid_index&quot;:1,&quot;_us_grid_post_type&quot;:&quot;attachment&quot;,&quot;page_args&quot;:[]}}'><\/div>\r\n\t<\/div><\/div><\/div><\/div><\/div><\/section><section class=\"l-section wpb_row height_medium\" id=\"estatutos\"><div class=\"l-section-h i-cf\"><div class=\"g-cols vc_row via_grid cols_1 laptops-cols_inherit tablets-cols_inherit mobiles-cols_1 valign_top type_default stacking_default\"><div class=\"wpb_column vc_column_container\"><div class=\"vc_column-inner\"><div class=\"wpb_text_column\"><div class=\"wpb_wrapper\"><h4>Estatutos<\/h4>\n<\/div><\/div><div class=\"w-separator size_medium\"><\/div><div class=\"g-cols wpb_row via_grid cols_2 laptops-cols_inherit tablets-cols_inherit mobiles-cols_1 valign_top type_default stacking_default\"><div class=\"wpb_column vc_column_container\"><div class=\"vc_column-inner\"><div class=\"wpb_text_column\"><div class=\"wpb_wrapper\"><p>Puedes consultar los estatutos de la Asociaci\u00f3n a continuaci\u00f3n:<\/p>\n<\/div><\/div><div class=\"w-separator size_medium\"><\/div><div class=\"w-html\"><iframe src=\"https:\/\/drive.google.com\/file\/d\/1ZP9xBOZhyfCH33o5lOS48inValD9gzQW\/preview\" width=\"640\" height=\"480\" allow=\"autoplay\"><\/iframe><\/div><\/div><\/div><\/div><\/div><\/div><\/div><\/div><\/section>\n","protected":false},"excerpt":{"rendered":"","protected":false},"author":1,"featured_media":0,"parent":0,"menu_order":0,"comment_status":"closed","ping_status":"closed","template":"","meta":{"footnotes":""},"acf":[],"_links":{"self":[{"href":"https:\/\/empleadospublicosenabuso.org\/index.php\/wp-json\/wp\/v2\/pages\/39"}],"collection":[{"href":"https:\/\/empleadospublicosenabuso.org\/index.php\/wp-json\/wp\/v2\/pages"}],"about":[{"href":"https:\/\/empleadospublicosenabuso.org\/index.php\/wp-json\/wp\/v2\/types\/page"}],"author":[{"embeddable":true,"href":"https:\/\/empleadospublicosenabuso.org\/index.php\/wp-json\/wp\/v2\/users\/1"}],"replies":[{"embeddable":true,"href":"https:\/\/empleadospublicosenabuso.org\/index.php\/wp-json\/wp\/v2\/comments?post=39"}],"version-history":[{"count":58,"href":"https:\/\/empleadospublicosenabuso.org\/index.php\/wp-json\/wp\/v2\/pages\/39\/revisions"}],"predecessor-version":[{"id":1419,"href":"https:\/\/empleadospublicosenabuso.org\/index.php\/wp-json\/wp\/v2\/pages\/39\/revisions\/1419"}],"wp:attachment":[{"href":"https:\/\/empleadospublicosenabuso.org\/index.php\/wp-json\/wp\/v2\/media?parent=39"}],"curies":[{"name":"wp","href":"https:\/\/api.w.org\/{rel}","templated":true}]}}